{"id":13451,"date":"2025-12-10T21:30:56","date_gmt":"2025-12-10T20:30:56","guid":{"rendered":"https:\/\/silensi.pl\/?post_type=product&#038;p=13451"},"modified":"2026-03-07T09:25:45","modified_gmt":"2026-03-07T08:25:45","slug":"pinot-noir-cabernet-sauvignon-2023","status":"publish","type":"product","link":"https:\/\/silensi.pl\/de\/produkt\/pinot-noir-cabernet-sauvignon-2023\/","title":{"rendered":"Pinot Noir &amp; Cabernet Sauvignon 2023"},"content":{"rendered":"<h2 data-start=\"214\" data-end=\"354\"><strong data-start=\"216\" data-end=\"354\">Silensi Red Blend 2023 \u2013 kupa\u017c Pinot Noir &amp; Cabernet Sauvignon z Dolnego \u015al\u0105ska, dojrzewany 16 miesi\u0119cy w beczkach z d\u0119bu francuskiego<\/strong><\/h2>\n<p data-start=\"356\" data-end=\"766\">Szukasz eleganckiego, \u015bwie\u017cego, a jednocze\u015bnie szlachetnie z\u0142o\u017conego czerwonego wina z polskiej winnicy? <strong data-start=\"461\" data-end=\"487\">Silensi Red Blend 2023<\/strong> to wyj\u0105tkowy kupa\u017c <strong data-start=\"507\" data-end=\"530\">Pinot Noir (80%)<\/strong> oraz <strong data-start=\"536\" data-end=\"567\">Cabernet Sauvignon (20%)<\/strong>, kt\u00f3ry przez <strong data-start=\"581\" data-end=\"646\">16 miesi\u0119cy dojrzewa\u0142 w beczkach barrique z d\u0119bu francuskiego<\/strong>. To po\u0142\u0105czenie lekko\u015bci ch\u0142odnego klimatu z subtelnym wp\u0142ywem szlachetnego drewna \u2014 rzadko spotykane w polskich winach.<\/p>\n<p data-start=\"768\" data-end=\"1002\">Owocowy charakter obu odmian by\u0142 bardzo mocny jeszcze przed kupa\u017cem \u2014 sommelier Krystian ocenia\u0142:<br data-start=\"871\" data-end=\"874\" \/>\u2022 <em data-start=\"876\" data-end=\"925\">\u201eBardzo malinowy zapach. \u015awietny smak. Pyszne!\u201d<\/em> \u2014 Pinot Noir<br data-start=\"938\" data-end=\"941\" \/>\u2022 <em data-start=\"943\" data-end=\"979\">\u201eBardzo dobry Cabernet!!! Pyszny!\u201d<\/em> \u2014 Cabernet Sauvignon<\/p>\n<p data-start=\"1004\" data-end=\"1298\">Po dojrzewaniu w barrique a nast\u0119pnie kupa\u017cu, profil aromatyczny sta\u0142 si\u0119 g\u0142\u0119bszy i bardziej z\u0142o\u017cony. Sommelier Wojtek opisuje wino tak:<br data-start=\"1136\" data-end=\"1139\" \/><em data-start=\"1139\" data-end=\"1296\">\u201eOpr\u00f3cz owoc\u00f3w i kwiat\u00f3w pojawiaj\u0105 si\u0119 nuty ziemiste. Niska tanina, owocowa, zielona, ciekawa.\u201d<\/em><\/p>\n<p data-start=\"1300\" data-end=\"1472\">Beczkowanie przez 16 miesi\u0119cy doda\u0142o <strong data-start=\"1337\" data-end=\"1397\">delikatnych nut wanilii, tost\u00f3w i lekkiej przyprawowo\u015bci<\/strong>, ale nie zdominowa\u0142o owocu \u2014 wino pozosta\u0142o \u015bwie\u017ce, \u017cywe i bardzo pijalne.<\/p>\n<p data-start=\"1474\" data-end=\"1710\">W ustach wino jest <strong data-start=\"1493\" data-end=\"1505\">wytrawne<\/strong>, z przyjemn\u0105 kwasowo\u015bci\u0105 (5,9 g\/L), niskimi taninami oraz niskim poziomem cukru resztkowego (0,2 g\/L). Alkohol <strong data-start=\"1629\" data-end=\"1638\">11,4%<\/strong> utrzymuje styl lekkiego wina ch\u0142odnego klimatu, mimo starzenia w d\u0119bie.<\/p>\n<hr data-start=\"1712\" data-end=\"1715\" \/>\n<h2 data-start=\"1717\" data-end=\"1744\"><strong data-start=\"1720\" data-end=\"1744\">To idealny wyb\u00f3r do:<\/strong><\/h2>\n<p data-start=\"1745\" data-end=\"1960\">\u2022 pieczonego kurczaka z zio\u0142ami,<br data-start=\"1777\" data-end=\"1780\" \/>\u2022 makaron\u00f3w z sosem pomidorowym lub rag\u00f9 bianco,<br data-start=\"1828\" data-end=\"1831\" \/>\u2022 pizzy neapolita\u0144skiej,<br data-start=\"1855\" data-end=\"1858\" \/>\u2022 warzyw korzeniowych pieczonych z oliw\u0105 i tymiankiem,<br data-start=\"1912\" data-end=\"1915\" \/>\u2022 ser\u00f3w p\u00f3\u0142twardych i lekko dojrzewaj\u0105cych.<\/p>\n<p data-start=\"1962\" data-end=\"2203\">To jedno z tych wyj\u0105tkowych win, kt\u00f3re \u0142\u0105cz\u0105 <strong data-start=\"1995\" data-end=\"2017\">lekko\u015b\u0107 Pinot Noir<\/strong>, <strong data-start=\"2019\" data-end=\"2051\">struktur\u0119 Cabernet Sauvignon<\/strong> i <strong data-start=\"2054\" data-end=\"2092\">szlachetny wp\u0142yw d\u0119bu francuskiego<\/strong>. Eleganckie, \u015bwie\u017ce, o czystym ch\u0142odnoklimatycznym charakterze \u2014 idealne zar\u00f3wno na kolacj\u0119, jak i na prezent.<\/p>\n<hr data-start=\"1712\" data-end=\"1715\" \/>\n<h2 data-start=\"1717\" data-end=\"1744\"><\/h2>\n<p data-start=\"1796\" data-end=\"2105\">#polskieczerwonewino #pinotnoirpolski #cabernetsauvignonpolska #redblend2023 #lekkieczerwonewino #wytrawneczerwonewino #silensi #dolno\u015bl\u0105skiewinoczerwone #kupa\u017cpinotcabernet #czerwonewinoch\u0142odnyklimat<\/p>\n","protected":false},"excerpt":{"rendered":"<h3 data-start=\"2260\" data-end=\"2489\"><strong data-start=\"216\" data-end=\"354\">Kupa\u017c Pinot Noir &amp; Cabernet Sauvignon z Dolnego \u015al\u0105ska, dojrzewany 16 miesi\u0119cy w beczkach z d\u0119bu francuskiego<\/strong><\/h3>\n<h4 data-start=\"219\" data-end=\"464\">Aromaty:<\/h4>\n<p data-start=\"2260\" data-end=\"2489\">\ud83c\udf53 Malina (Pinot Noir)<br data-start=\"2286\" data-end=\"2289\" \/>\ud83c\udf52 Czerwone owoce<br data-start=\"2310\" data-end=\"2313\" \/>\ud83c\udf38 Kwiaty czerwone<br data-start=\"2335\" data-end=\"2338\" \/>\ud83c\udf31 Zielone nuty Cabernet Sauvignon<br data-start=\"2376\" data-end=\"2379\" \/>\ud83c\udf0d Ziemisto\u015b\u0107<br data-start=\"2396\" data-end=\"2399\" \/>\ud83e\udeb5 Wanilia i delikatny tost z beczki<br data-start=\"2439\" data-end=\"2442\" \/>\ud83c\udf6b Subtelna przyprawowo\u015b\u0107 d\u0119bu francuskiego<\/p>\n<h4 data-start=\"219\" data-end=\"464\">Styl:<\/h4>\n<p data-start=\"2505\" data-end=\"2712\">\u2728 Wytrawne<br data-start=\"2519\" data-end=\"2522\" \/>\ud83c\udf43 Lekkie, \u015bwie\u017ce, ch\u0142odnoklimatyczne<br data-start=\"2563\" data-end=\"2566\" \/>\ud83c\udf77 Do 16 miesi\u0119cy w d\u0119bie francuskim (barrique)<br data-start=\"2617\" data-end=\"2620\" \/>\ud83c\udfaf Wysoka, \u017cywa kwasowo\u015b\u0107<br data-start=\"2649\" data-end=\"2652\" \/>\ud83c\udf47 Niska, mi\u0119kka tanina<br data-start=\"2679\" data-end=\"2682\" \/>\ud83e\udd42 Bardzo wysoka pijalno\u015b\u0107<\/p>\n","protected":false},"featured_media":13438,"template":"","meta":{"inline_featured_image":false},"product_cat":[62],"product_tag":[],"_links":{"self":[{"href":"https:\/\/silensi.pl\/de\/wp-json\/wp\/v2\/product\/13451"}],"collection":[{"href":"https:\/\/silensi.pl\/de\/wp-json\/wp\/v2\/product"}],"about":[{"href":"https:\/\/silensi.pl\/de\/wp-json\/wp\/v2\/types\/product"}],"wp:featuredmedia":[{"embeddable":true,"href":"https:\/\/silensi.pl\/de\/wp-json\/wp\/v2\/media\/13438"}],"wp:attachment":[{"href":"https:\/\/silensi.pl\/de\/wp-json\/wp\/v2\/media?parent=13451"}],"wp:term":[{"taxonomy":"product_cat","embeddable":true,"href":"https:\/\/silensi.pl\/de\/wp-json\/wp\/v2\/product_cat?post=13451"},{"taxonomy":"product_tag","embeddable":true,"href":"https:\/\/silensi.pl\/de\/wp-json\/wp\/v2\/product_tag?post=13451"}],"curies":[{"name":"wp","href":"https:\/\/api.w.org\/{rel}","templated":true}]}}